{"id":1992,"date":"2023-07-17T15:44:03","date_gmt":"2023-07-17T15:44:03","guid":{"rendered":"https:\/\/www.idiomas-eugeniasgenius.com\/?page_id=1992"},"modified":"2023-07-18T06:57:08","modified_gmt":"2023-07-18T06:57:08","slug":"preguntas-frecuentes","status":"publish","type":"page","link":"https:\/\/www.idiomas-eugeniasgenius.com\/es_es\/preguntas-frecuentes\/","title":{"rendered":"Preguntas frecuentes"},"content":{"rendered":"<!--themify_builder_content-->\n<div id=\"themify_builder_content-1992\" data-postid=\"1992\" class=\"themify_builder_content themify_builder_content-1992 themify_builder tf_clear\">\n                    <div  data-lazy=\"1\" class=\"module_row themify_builder_row tb_d1wz650 tb_first tf_w\">\n                        <div class=\"row_inner col_align_top tb_col_count_1 tf_box tf_rel\">\n                        <div  data-lazy=\"1\" class=\"module_column tb-column col-full tb_zfi0651 first\">\n                    <!-- module text -->\n<div  class=\"module module-text tb_we0d785   \" data-lazy=\"1\">\n        <div  class=\"tb_text_wrap\">\n        <h1 style=\"text-align: center;\">Preguntas Frecuentes<\/h1>    <\/div>\n<\/div>\n<!-- \/module text --><!-- module divider -->\n<div  class=\"module tf_mw module-divider tb_8gz01 solid   \" style=\"border-width: 2px;border-color: #31405c;margin-bottom: 33px;\" data-lazy=\"1\">\n    <\/div>\n<!-- \/module divider -->\n        <\/div>\n                        <\/div>\n        <\/div>\n                        <div  data-lazy=\"1\" class=\"module_row themify_builder_row tb_wlm2591 tf_w\">\n                        <div class=\"row_inner col_align_top tb_col_count_1 tf_box tf_rel\">\n                        <div  data-lazy=\"1\" class=\"module_column tb-column col-full tb_87yc591 first\">\n                    <!-- module accordion -->\n<div  class=\"module module-accordion tb_jplz582 \" data-behavior=\"accordion\" data-lazy=\"1\">\n    \n    <ul class=\"ui module-accordion separate  tb_default_color\">\n            <li>\n            <div class=\"accordion-title tf_rel\">\n                <a href=\"#acc-jplz582-0\" class=\"tb_title_accordion\" aria-controls=\"acc-jplz582-0-content\" aria-expanded=\"false\">\n                    <i class=\"accordion-icon\"><svg  class=\"tf_fa tf-ti-angle-down\" xmlns:xlink=\"http:\/\/www.w3.org\/1999\/xlink\" aria-hidden=\"true\"><use href=\"#tf-ti-angle-down\" xlink:href=\"#tf-ti-angle-down\"><\/use><\/svg><\/i>                    <i class=\"accordion-active-icon tf_hide\"><svg  class=\"tf_fa tf-ti-angle-up\" xmlns:xlink=\"http:\/\/www.w3.org\/1999\/xlink\" aria-hidden=\"true\"><use href=\"#tf-ti-angle-up\" xlink:href=\"#tf-ti-angle-up\"><\/use><\/svg><\/i>                    <span class=\"accordion-title-wrap\">\u00bfCu\u00e1l es la edad de los estudiantes?<\/span>                <\/a>\n            <\/div><!-- .accordion-title -->\n            <div id=\"acc-jplz582-0-content\" data-id=\"acc-jplz582-0\" aria-hidden=\"true\" class=\"accordion-content tf_hide tf_clearfix\">\n                                    <div class=\"tb_text_wrap\">\n                        <p>Ofrecemos formaci\u00f3n adaptada para ni\u00f1os desde los 3 a\u00f1os, j\u00f3venes estudiantes y adultos.<\/p>                    <\/div>\n                            <\/div><!-- .accordion-content -->\n        <\/li>\n            <li>\n            <div class=\"accordion-title tf_rel\">\n                <a href=\"#acc-jplz582-1\" class=\"tb_title_accordion\" aria-controls=\"acc-jplz582-1-content\" aria-expanded=\"false\">\n                    <i class=\"accordion-icon\"><svg  class=\"tf_fa tf-ti-angle-down\" xmlns:xlink=\"http:\/\/www.w3.org\/1999\/xlink\" aria-hidden=\"true\"><use href=\"#tf-ti-angle-down\" xlink:href=\"#tf-ti-angle-down\"><\/use><\/svg><\/i>                    <i class=\"accordion-active-icon tf_hide\"><svg  class=\"tf_fa tf-ti-angle-up\" xmlns:xlink=\"http:\/\/www.w3.org\/1999\/xlink\" aria-hidden=\"true\"><use href=\"#tf-ti-angle-up\" xlink:href=\"#tf-ti-angle-up\"><\/use><\/svg><\/i>                    <span class=\"accordion-title-wrap\">\u00bfCu\u00e1ntos alumnos hay por clase?<\/span>                <\/a>\n            <\/div><!-- .accordion-title -->\n            <div id=\"acc-jplz582-1-content\" data-id=\"acc-jplz582-1\" aria-hidden=\"true\" class=\"accordion-content tf_hide tf_clearfix\">\n                                    <div class=\"tb_text_wrap\">\n                        <p>Los grupos son reducidos, limitando cada clase a 6-12 alumnos<\/p>                    <\/div>\n                            <\/div><!-- .accordion-content -->\n        <\/li>\n            <li>\n            <div class=\"accordion-title tf_rel\">\n                <a href=\"#acc-jplz582-2\" class=\"tb_title_accordion\" aria-controls=\"acc-jplz582-2-content\" aria-expanded=\"false\">\n                    <i class=\"accordion-icon\"><svg  class=\"tf_fa tf-ti-angle-down\" xmlns:xlink=\"http:\/\/www.w3.org\/1999\/xlink\" aria-hidden=\"true\"><use href=\"#tf-ti-angle-down\" xlink:href=\"#tf-ti-angle-down\"><\/use><\/svg><\/i>                    <i class=\"accordion-active-icon tf_hide\"><svg  class=\"tf_fa tf-ti-angle-up\" xmlns:xlink=\"http:\/\/www.w3.org\/1999\/xlink\" aria-hidden=\"true\"><use href=\"#tf-ti-angle-up\" xlink:href=\"#tf-ti-angle-up\"><\/use><\/svg><\/i>                    <span class=\"accordion-title-wrap\">\u00bfCu\u00e1ntos niveles hay?<\/span>                <\/a>\n            <\/div><!-- .accordion-title -->\n            <div id=\"acc-jplz582-2-content\" data-id=\"acc-jplz582-2\" aria-hidden=\"true\" class=\"accordion-content tf_hide tf_clearfix\">\n                                    <div class=\"tb_text_wrap\">\n                        <p>En ni\u00f1os y j\u00f3venes de 3 a 16 a\u00f1os, los niveles de ingl\u00e9s coinciden con el a\u00f1o acad\u00e9mico y el nivel adecuado de preparaci\u00f3n de los ex\u00e1menes de Cambridge o de otros idiomas. En los cursos de idiomas para adultos tenemos 4 niveles: B\u00e1sico (A1-A2), B1, B2 y C1.<\/p>                    <\/div>\n                            <\/div><!-- .accordion-content -->\n        <\/li>\n            <li>\n            <div class=\"accordion-title tf_rel\">\n                <a href=\"#acc-jplz582-3\" class=\"tb_title_accordion\" aria-controls=\"acc-jplz582-3-content\" aria-expanded=\"false\">\n                    <i class=\"accordion-icon\"><svg  class=\"tf_fa tf-ti-angle-down\" xmlns:xlink=\"http:\/\/www.w3.org\/1999\/xlink\" aria-hidden=\"true\"><use href=\"#tf-ti-angle-down\" xlink:href=\"#tf-ti-angle-down\"><\/use><\/svg><\/i>                    <i class=\"accordion-active-icon tf_hide\"><svg  class=\"tf_fa tf-ti-angle-up\" xmlns:xlink=\"http:\/\/www.w3.org\/1999\/xlink\" aria-hidden=\"true\"><use href=\"#tf-ti-angle-up\" xlink:href=\"#tf-ti-angle-up\"><\/use><\/svg><\/i>                    <span class=\"accordion-title-wrap\">\u00bfQu\u00e9 idiomas se imparten?<\/span>                <\/a>\n            <\/div><!-- .accordion-title -->\n            <div id=\"acc-jplz582-3-content\" data-id=\"acc-jplz582-3\" aria-hidden=\"true\" class=\"accordion-content tf_hide tf_clearfix\">\n                                    <div class=\"tb_text_wrap\">\n                        <p>Actualmente ofrecemos clases de Ingl\u00e9s, espa\u00f1ol, franc\u00e9s y ruso<\/p>                    <\/div>\n                            <\/div><!-- .accordion-content -->\n        <\/li>\n            <li>\n            <div class=\"accordion-title tf_rel\">\n                <a href=\"#acc-jplz582-4\" class=\"tb_title_accordion\" aria-controls=\"acc-jplz582-4-content\" aria-expanded=\"false\">\n                    <i class=\"accordion-icon\"><svg  class=\"tf_fa tf-ti-angle-down\" xmlns:xlink=\"http:\/\/www.w3.org\/1999\/xlink\" aria-hidden=\"true\"><use href=\"#tf-ti-angle-down\" xlink:href=\"#tf-ti-angle-down\"><\/use><\/svg><\/i>                    <i class=\"accordion-active-icon tf_hide\"><svg  class=\"tf_fa tf-ti-angle-up\" xmlns:xlink=\"http:\/\/www.w3.org\/1999\/xlink\" aria-hidden=\"true\"><use href=\"#tf-ti-angle-up\" xlink:href=\"#tf-ti-angle-up\"><\/use><\/svg><\/i>                    <span class=\"accordion-title-wrap\">\u00bfLos profesores de la academia son nativos?<\/span>                <\/a>\n            <\/div><!-- .accordion-title -->\n            <div id=\"acc-jplz582-4-content\" data-id=\"acc-jplz582-4\" aria-hidden=\"true\" class=\"accordion-content tf_hide tf_clearfix\">\n                                    <div class=\"tb_text_wrap\">\n                        <p>S\u00ed, todos nuestros profesores son nativos o biling\u00fces<\/p>                    <\/div>\n                            <\/div><!-- .accordion-content -->\n        <\/li>\n            <li>\n            <div class=\"accordion-title tf_rel\">\n                <a href=\"#acc-jplz582-5\" class=\"tb_title_accordion\" aria-controls=\"acc-jplz582-5-content\" aria-expanded=\"false\">\n                    <i class=\"accordion-icon\"><svg  class=\"tf_fa tf-ti-angle-down\" xmlns:xlink=\"http:\/\/www.w3.org\/1999\/xlink\" aria-hidden=\"true\"><use href=\"#tf-ti-angle-down\" xlink:href=\"#tf-ti-angle-down\"><\/use><\/svg><\/i>                    <i class=\"accordion-active-icon tf_hide\"><svg  class=\"tf_fa tf-ti-angle-up\" xmlns:xlink=\"http:\/\/www.w3.org\/1999\/xlink\" aria-hidden=\"true\"><use href=\"#tf-ti-angle-up\" xlink:href=\"#tf-ti-angle-up\"><\/use><\/svg><\/i>                    <span class=\"accordion-title-wrap\">\u00bfSe pueden recuperar las clases?<\/span>                <\/a>\n            <\/div><!-- .accordion-title -->\n            <div id=\"acc-jplz582-5-content\" data-id=\"acc-jplz582-5\" aria-hidden=\"true\" class=\"accordion-content tf_hide tf_clearfix\">\n                                    <div class=\"tb_text_wrap\">\n                        <p>Las clases perdidas por circunstancias ajenas no se recuperan a no ser que haya otro grupo del mismo nivel donde puede asistir el alumno en el caso de que haya plazas disponibles. En el caso de la perdida de clases por enfermedad se podr\u00e1 recuperar una o dos clases al mes si hay plazas disponibles.<\/p>                    <\/div>\n                            <\/div><!-- .accordion-content -->\n        <\/li>\n            <li>\n            <div class=\"accordion-title tf_rel\">\n                <a href=\"#acc-jplz582-6\" class=\"tb_title_accordion\" aria-controls=\"acc-jplz582-6-content\" aria-expanded=\"false\">\n                    <i class=\"accordion-icon\"><svg  class=\"tf_fa tf-ti-angle-down\" xmlns:xlink=\"http:\/\/www.w3.org\/1999\/xlink\" aria-hidden=\"true\"><use href=\"#tf-ti-angle-down\" xlink:href=\"#tf-ti-angle-down\"><\/use><\/svg><\/i>                    <i class=\"accordion-active-icon tf_hide\"><svg  class=\"tf_fa tf-ti-angle-up\" xmlns:xlink=\"http:\/\/www.w3.org\/1999\/xlink\" aria-hidden=\"true\"><use href=\"#tf-ti-angle-up\" xlink:href=\"#tf-ti-angle-up\"><\/use><\/svg><\/i>                    <span class=\"accordion-title-wrap\">\u00bfHac\u00e9is preparaci\u00f3n para ex\u00e1menes oficiales?<\/span>                <\/a>\n            <\/div><!-- .accordion-title -->\n            <div id=\"acc-jplz582-6-content\" data-id=\"acc-jplz582-6\" aria-hidden=\"true\" class=\"accordion-content tf_hide tf_clearfix\">\n                                    <div class=\"tb_text_wrap\">\n                        <p>Preparamos para los ex\u00e1menes oficiales de STARTERS, MOVERS, FLYERS, KEY (A2) PET(B1), First Certificate (B2), CAE (C1), PROFFICIENCY (C2), LINGUASKILL, TOEFL, IELTS Y etc.<\/p>                    <\/div>\n                            <\/div><!-- .accordion-content -->\n        <\/li>\n            <li>\n            <div class=\"accordion-title tf_rel\">\n                <a href=\"#acc-jplz582-7\" class=\"tb_title_accordion\" aria-controls=\"acc-jplz582-7-content\" aria-expanded=\"false\">\n                    <i class=\"accordion-icon\"><svg  class=\"tf_fa tf-ti-angle-down\" xmlns:xlink=\"http:\/\/www.w3.org\/1999\/xlink\" aria-hidden=\"true\"><use href=\"#tf-ti-angle-down\" xlink:href=\"#tf-ti-angle-down\"><\/use><\/svg><\/i>                    <i class=\"accordion-active-icon tf_hide\"><svg  class=\"tf_fa tf-ti-angle-up\" xmlns:xlink=\"http:\/\/www.w3.org\/1999\/xlink\" aria-hidden=\"true\"><use href=\"#tf-ti-angle-up\" xlink:href=\"#tf-ti-angle-up\"><\/use><\/svg><\/i>                    <span class=\"accordion-title-wrap\">\u00bfCu\u00e1l es el horario de apertura o el de atenci\u00f3n al cliente?<\/span>                <\/a>\n            <\/div><!-- .accordion-title -->\n            <div id=\"acc-jplz582-7-content\" data-id=\"acc-jplz582-7\" aria-hidden=\"true\" class=\"accordion-content tf_hide tf_clearfix\">\n                                    <div class=\"tb_text_wrap\">\n                        <p>Nuestro horario habitual de atenci\u00f3n al cliente es de lunes a viernes de 9:30 a 15:00 y de 15.30 a 21:00 adem\u00e1s de s\u00e1bado de 10 a 14.<br>Eventualmente podemos impartir clase a alg\u00fan grupo fuera de este horario.<\/p>                    <\/div>\n                            <\/div><!-- .accordion-content -->\n        <\/li>\n            <li>\n            <div class=\"accordion-title tf_rel\">\n                <a href=\"#acc-jplz582-8\" class=\"tb_title_accordion\" aria-controls=\"acc-jplz582-8-content\" aria-expanded=\"false\">\n                    <i class=\"accordion-icon\"><svg  class=\"tf_fa tf-ti-angle-down\" xmlns:xlink=\"http:\/\/www.w3.org\/1999\/xlink\" aria-hidden=\"true\"><use href=\"#tf-ti-angle-down\" xlink:href=\"#tf-ti-angle-down\"><\/use><\/svg><\/i>                    <i class=\"accordion-active-icon tf_hide\"><svg  class=\"tf_fa tf-ti-angle-up\" xmlns:xlink=\"http:\/\/www.w3.org\/1999\/xlink\" aria-hidden=\"true\"><use href=\"#tf-ti-angle-up\" xlink:href=\"#tf-ti-angle-up\"><\/use><\/svg><\/i>                    <span class=\"accordion-title-wrap\">\u00bfC\u00f3mo puedo reservar mi plaza o inscribirme en un curso?<\/span>                <\/a>\n            <\/div><!-- .accordion-title -->\n            <div id=\"acc-jplz582-8-content\" data-id=\"acc-jplz582-8\" aria-hidden=\"true\" class=\"accordion-content tf_hide tf_clearfix\">\n                                    <div class=\"tb_text_wrap\">\n                        <p>Para hacer la reserva de tu plaza s\u00f3lo debes rellenar nuestra hoja de inscripci\u00f3n en la pagina web o en la academia y abonar la matricula. Podr\u00e1s unirte a uno de nuestros grupos si hay plazas vacantes u organizaremos un nuevo grupo en los horarios disponibles. Ac\u00e9rcate a nuestras instalaciones.<\/p>                    <\/div>\n                            <\/div><!-- .accordion-content -->\n        <\/li>\n            <li>\n            <div class=\"accordion-title tf_rel\">\n                <a href=\"#acc-jplz582-9\" class=\"tb_title_accordion\" aria-controls=\"acc-jplz582-9-content\" aria-expanded=\"false\">\n                    <i class=\"accordion-icon\"><svg  class=\"tf_fa tf-ti-angle-down\" xmlns:xlink=\"http:\/\/www.w3.org\/1999\/xlink\" aria-hidden=\"true\"><use href=\"#tf-ti-angle-down\" xlink:href=\"#tf-ti-angle-down\"><\/use><\/svg><\/i>                    <i class=\"accordion-active-icon tf_hide\"><svg  class=\"tf_fa tf-ti-angle-up\" xmlns:xlink=\"http:\/\/www.w3.org\/1999\/xlink\" aria-hidden=\"true\"><use href=\"#tf-ti-angle-up\" xlink:href=\"#tf-ti-angle-up\"><\/use><\/svg><\/i>                    <span class=\"accordion-title-wrap\">\u00bfCu\u00e1ndo debo pagar mi curso? \u00bfQu\u00e9 modo de pago ten\u00e9is?<\/span>                <\/a>\n            <\/div><!-- .accordion-title -->\n            <div id=\"acc-jplz582-9-content\" data-id=\"acc-jplz582-9\" aria-hidden=\"true\" class=\"accordion-content tf_hide tf_clearfix\">\n                                    <div class=\"tb_text_wrap\">\n                        <p>La forma de pago habitual es en efectivo aunque por petici\u00f3n de los estudiantes se puede hacer a trav\u00e9s de la banca electr\u00f3nica o por domiciliaci\u00f3n bancaria entre los d\u00edas 1 y 10 de cada mes. Tambi\u00e9n, puede ser por transferencia bancaria, bizum u otros m\u00e9todos de pago<\/p>                    <\/div>\n                            <\/div><!-- .accordion-content -->\n        <\/li>\n            <li>\n            <div class=\"accordion-title tf_rel\">\n                <a href=\"#acc-jplz582-10\" class=\"tb_title_accordion\" aria-controls=\"acc-jplz582-10-content\" aria-expanded=\"false\">\n                    <i class=\"accordion-icon\"><svg  class=\"tf_fa tf-ti-angle-down\" xmlns:xlink=\"http:\/\/www.w3.org\/1999\/xlink\" aria-hidden=\"true\"><use href=\"#tf-ti-angle-down\" xlink:href=\"#tf-ti-angle-down\"><\/use><\/svg><\/i>                    <i class=\"accordion-active-icon tf_hide\"><svg  class=\"tf_fa tf-ti-angle-up\" xmlns:xlink=\"http:\/\/www.w3.org\/1999\/xlink\" aria-hidden=\"true\"><use href=\"#tf-ti-angle-up\" xlink:href=\"#tf-ti-angle-up\"><\/use><\/svg><\/i>                    <span class=\"accordion-title-wrap\">\u00bfPuedo conseguir un intercambio en la escuela, ofrec\u00e9is tambi\u00e9n cursos en el extranjero?\u00a0<\/span>                <\/a>\n            <\/div><!-- .accordion-title -->\n            <div id=\"acc-jplz582-10-content\" data-id=\"acc-jplz582-10\" aria-hidden=\"true\" class=\"accordion-content tf_hide tf_clearfix\">\n                                    <div class=\"tb_text_wrap\">\n                        <p>Hemos incluido una amplia oferta de programas en el extranjero con condiciones muy ventajosas si est\u00e1s pensando reforzar tu ingl\u00e9s en el extranjero, como programas de verano, cursos de inmersi\u00f3n ling\u00fcistica, becas, etc.<\/p>\n<p>Puedes informarte en la academia o en los apartados correspondientes de nuestra pagina web<\/p>                    <\/div>\n                            <\/div><!-- .accordion-content -->\n        <\/li>\n        <\/ul>\n\n<\/div><!-- \/module accordion --><!-- module divider -->\n<div  class=\"module tf_mw module-divider tb_arhj667 solid   \" style=\"border-width: 2px;border-color: #31405c;margin-top: 33px;margin-bottom: 33px;\" data-lazy=\"1\">\n    <\/div>\n<!-- \/module divider -->\n        <\/div>\n                        <\/div>\n        <\/div>\n        <\/div>\n<!--\/themify_builder_content-->","protected":false},"excerpt":{"rendered":"<p>Preguntas Frecuentes<\/p>\n","protected":false},"author":1,"featured_media":0,"parent":0,"menu_order":0,"comment_status":"closed","ping_status":"closed","template":"","meta":{"footnotes":""},"class_list":["post-1992","page","type-page","status-publish","hentry","has-post-title","has-post-date","has-post-category","has-post-tag","has-post-comment","has-post-author",""],"yoast_head":"<!-- This site is optimized with the Yoast SEO plugin v27.4 - https:\/\/yoast.com\/product\/yoast-seo-wordpress\/ -->\n<title>Preguntas frecuentes - Escuela de Idiomas en El Ejido<\/title>\n<meta name=\"robots\" content=\"index, follow, max-snippet:-1, max-image-preview:large, max-video-preview:-1\" \/>\n<link rel=\"canonical\" href=\"https:\/\/www.idiomas-eugeniasgenius.com\/es_es\/preguntas-frecuentes\/\" \/>\n<meta property=\"og:locale\" content=\"es_ES\" \/>\n<meta property=\"og:type\" content=\"article\" \/>\n<meta property=\"og:title\" content=\"Preguntas frecuentes - Escuela de Idiomas en El Ejido\" \/>\n<meta property=\"og:description\" content=\"Preguntas Frecuentes\" \/>\n<meta property=\"og:url\" content=\"https:\/\/www.idiomas-eugeniasgenius.com\/es_es\/preguntas-frecuentes\/\" \/>\n<meta property=\"og:site_name\" content=\"Escuela de Idiomas en El Ejido\" \/>\n<meta property=\"article:publisher\" content=\"https:\/\/www.youtube.com\/@adminEugenius\" \/>\n<meta property=\"article:modified_time\" content=\"2023-07-18T06:57:08+00:00\" \/>\n<meta name=\"twitter:card\" content=\"summary_large_image\" \/>\n<script type=\"application\/ld+json\" class=\"yoast-schema-graph\">{\"@context\":\"https:\\\/\\\/schema.org\",\"@graph\":[{\"@type\":\"WebPage\",\"@id\":\"https:\\\/\\\/www.idiomas-eugeniasgenius.com\\\/preguntas-frecuentes\\\/\",\"url\":\"https:\\\/\\\/www.idiomas-eugeniasgenius.com\\\/preguntas-frecuentes\\\/\",\"name\":\"Preguntas frecuentes - Escuela de Idiomas en El Ejido\",\"isPartOf\":{\"@id\":\"https:\\\/\\\/www.idiomas-eugeniasgenius.com\\\/#website\"},\"datePublished\":\"2023-07-17T15:44:03+00:00\",\"dateModified\":\"2023-07-18T06:57:08+00:00\",\"breadcrumb\":{\"@id\":\"https:\\\/\\\/www.idiomas-eugeniasgenius.com\\\/preguntas-frecuentes\\\/#breadcrumb\"},\"inLanguage\":\"es\",\"potentialAction\":[{\"@type\":\"ReadAction\",\"target\":[\"https:\\\/\\\/www.idiomas-eugeniasgenius.com\\\/preguntas-frecuentes\\\/\"]}]},{\"@type\":\"BreadcrumbList\",\"@id\":\"https:\\\/\\\/www.idiomas-eugeniasgenius.com\\\/preguntas-frecuentes\\\/#breadcrumb\",\"itemListElement\":[{\"@type\":\"ListItem\",\"position\":1,\"name\":\"Portada\",\"item\":\"https:\\\/\\\/www.idiomas-eugeniasgenius.com\\\/es_es\\\/\"},{\"@type\":\"ListItem\",\"position\":2,\"name\":\"Preguntas frecuentes\"}]},{\"@type\":\"WebSite\",\"@id\":\"https:\\\/\\\/www.idiomas-eugeniasgenius.com\\\/#website\",\"url\":\"https:\\\/\\\/www.idiomas-eugeniasgenius.com\\\/\",\"name\":\"Escuela de Idiomas en El Ejido\",\"description\":\"Escuela de idiomas en El Ejido\",\"alternateName\":\"Eugenias Genius\",\"potentialAction\":[{\"@type\":\"SearchAction\",\"target\":{\"@type\":\"EntryPoint\",\"urlTemplate\":\"https:\\\/\\\/www.idiomas-eugeniasgenius.com\\\/?s={search_term_string}\"},\"query-input\":{\"@type\":\"PropertyValueSpecification\",\"valueRequired\":true,\"valueName\":\"search_term_string\"}}],\"inLanguage\":\"es\"}]}<\/script>\n<!-- \/ Yoast SEO plugin. -->","yoast_head_json":{"title":"Preguntas frecuentes - Escuela de Idiomas en El Ejido","robots":{"index":"index","follow":"follow","max-snippet":"max-snippet:-1","max-image-preview":"max-image-preview:large","max-video-preview":"max-video-preview:-1"},"canonical":"https:\/\/www.idiomas-eugeniasgenius.com\/es_es\/preguntas-frecuentes\/","og_locale":"es_ES","og_type":"article","og_title":"Preguntas frecuentes - Escuela de Idiomas en El Ejido","og_description":"Preguntas Frecuentes","og_url":"https:\/\/www.idiomas-eugeniasgenius.com\/es_es\/preguntas-frecuentes\/","og_site_name":"Escuela de Idiomas en El Ejido","article_publisher":"https:\/\/www.youtube.com\/@adminEugenius","article_modified_time":"2023-07-18T06:57:08+00:00","twitter_card":"summary_large_image","schema":{"@context":"https:\/\/schema.org","@graph":[{"@type":"WebPage","@id":"https:\/\/www.idiomas-eugeniasgenius.com\/preguntas-frecuentes\/","url":"https:\/\/www.idiomas-eugeniasgenius.com\/preguntas-frecuentes\/","name":"Preguntas frecuentes - Escuela de Idiomas en El Ejido","isPartOf":{"@id":"https:\/\/www.idiomas-eugeniasgenius.com\/#website"},"datePublished":"2023-07-17T15:44:03+00:00","dateModified":"2023-07-18T06:57:08+00:00","breadcrumb":{"@id":"https:\/\/www.idiomas-eugeniasgenius.com\/preguntas-frecuentes\/#breadcrumb"},"inLanguage":"es","potentialAction":[{"@type":"ReadAction","target":["https:\/\/www.idiomas-eugeniasgenius.com\/preguntas-frecuentes\/"]}]},{"@type":"BreadcrumbList","@id":"https:\/\/www.idiomas-eugeniasgenius.com\/preguntas-frecuentes\/#breadcrumb","itemListElement":[{"@type":"ListItem","position":1,"name":"Portada","item":"https:\/\/www.idiomas-eugeniasgenius.com\/es_es\/"},{"@type":"ListItem","position":2,"name":"Preguntas frecuentes"}]},{"@type":"WebSite","@id":"https:\/\/www.idiomas-eugeniasgenius.com\/#website","url":"https:\/\/www.idiomas-eugeniasgenius.com\/","name":"Escuela de Idiomas en El Ejido","description":"Escuela de idiomas en El Ejido","alternateName":"Eugenias Genius","potentialAction":[{"@type":"SearchAction","target":{"@type":"EntryPoint","urlTemplate":"https:\/\/www.idiomas-eugeniasgenius.com\/?s={search_term_string}"},"query-input":{"@type":"PropertyValueSpecification","valueRequired":true,"valueName":"search_term_string"}}],"inLanguage":"es"}]}},"builder_content":"<h1 style=\"text-align: center;\">Preguntas Frecuentes<\/h1>\n\n<ul><li><h4>\u00bfCu\u00e1l es la edad de los estudiantes?<\/h4><p>Ofrecemos formaci\u00f3n adaptada para ni\u00f1os desde los 3 a\u00f1os, j\u00f3venes estudiantes y adultos.<\/p><\/li><li><h4>\u00bfCu\u00e1ntos alumnos hay por clase?<\/h4><p>Los grupos son reducidos, limitando cada clase a 6-12 alumnos<\/p><\/li><li><h4>\u00bfCu\u00e1ntos niveles hay?<\/h4><p>En ni\u00f1os y j\u00f3venes de 3 a 16 a\u00f1os, los niveles de ingl\u00e9s coinciden con el a\u00f1o acad\u00e9mico y el nivel adecuado de preparaci\u00f3n de los ex\u00e1menes de Cambridge o de otros idiomas. En los cursos de idiomas para adultos tenemos 4 niveles: B\u00e1sico (A1-A2), B1, B2 y C1.<\/p><\/li><li><h4>\u00bfQu\u00e9 idiomas se imparten?<\/h4><p>Actualmente ofrecemos clases de Ingl\u00e9s, espa\u00f1ol, franc\u00e9s y ruso<\/p><\/li><li><h4>\u00bfLos profesores de la academia son nativos?<\/h4><p>S\u00ed, todos nuestros profesores son nativos o biling\u00fces<\/p><\/li><li><h4>\u00bfSe pueden recuperar las clases?<\/h4><p>Las clases perdidas por circunstancias ajenas no se recuperan a no ser que haya otro grupo del mismo nivel donde puede asistir el alumno en el caso de que haya plazas disponibles. En el caso de la perdida de clases por enfermedad se podr\u00e1 recuperar una o dos clases al mes si hay plazas disponibles.<\/p><\/li><li><h4>\u00bfHac\u00e9is preparaci\u00f3n para ex\u00e1menes oficiales?<\/h4><p>Preparamos para los ex\u00e1menes oficiales de STARTERS, MOVERS, FLYERS, KEY (A2) PET(B1), First Certificate (B2), CAE (C1), PROFFICIENCY (C2), LINGUASKILL, TOEFL, IELTS Y etc.<\/p><\/li><li><h4>\u00bfCu\u00e1l es el horario de apertura o el de atenci\u00f3n al cliente?<\/h4><p>Nuestro horario habitual de atenci\u00f3n al cliente es de lunes a viernes de 9:30 a 15:00 y de 15.30 a 21:00 adem\u00e1s de s\u00e1bado de 10 a 14.<br>Eventualmente podemos impartir clase a alg\u00fan grupo fuera de este horario.<\/p><\/li><li><h4>\u00bfC\u00f3mo puedo reservar mi plaza o inscribirme en un curso?<\/h4><p>Para hacer la reserva de tu plaza s\u00f3lo debes rellenar nuestra hoja de inscripci\u00f3n en la pagina web o en la academia y abonar la matricula. Podr\u00e1s unirte a uno de nuestros grupos si hay plazas vacantes u organizaremos un nuevo grupo en los horarios disponibles. Ac\u00e9rcate a nuestras instalaciones.<\/p><\/li><li><h4>\u00bfCu\u00e1ndo debo pagar mi curso? \u00bfQu\u00e9 modo de pago ten\u00e9is?<\/h4><p>La forma de pago habitual es en efectivo aunque por petici\u00f3n de los estudiantes se puede hacer a trav\u00e9s de la banca electr\u00f3nica o por domiciliaci\u00f3n bancaria entre los d\u00edas 1 y 10 de cada mes. Tambi\u00e9n, puede ser por transferencia bancaria, bizum u otros m\u00e9todos de pago<\/p><\/li><li><h4>\u00bfPuedo conseguir un intercambio en la escuela, ofrec\u00e9is tambi\u00e9n cursos en el extranjero?\u00a0<\/h4><p>Hemos incluido una amplia oferta de programas en el extranjero con condiciones muy ventajosas si est\u00e1s pensando reforzar tu ingl\u00e9s en el extranjero, como programas de verano, cursos de inmersi\u00f3n ling\u00fcistica, becas, etc.<\/p> <p>Puedes informarte en la academia o en los apartados correspondientes de nuestra pagina web<\/p><\/li><\/ul>\n","_links":{"self":[{"href":"https:\/\/www.idiomas-eugeniasgenius.com\/es_es\/wp-json\/wp\/v2\/pages\/1992","targetHints":{"allow":["GET"]}}],"collection":[{"href":"https:\/\/www.idiomas-eugeniasgenius.com\/es_es\/wp-json\/wp\/v2\/pages"}],"about":[{"href":"https:\/\/www.idiomas-eugeniasgenius.com\/es_es\/wp-json\/wp\/v2\/types\/page"}],"author":[{"embeddable":true,"href":"https:\/\/www.idiomas-eugeniasgenius.com\/es_es\/wp-json\/wp\/v2\/users\/1"}],"replies":[{"embeddable":true,"href":"https:\/\/www.idiomas-eugeniasgenius.com\/es_es\/wp-json\/wp\/v2\/comments?post=1992"}],"version-history":[{"count":13,"href":"https:\/\/www.idiomas-eugeniasgenius.com\/es_es\/wp-json\/wp\/v2\/pages\/1992\/revisions"}],"predecessor-version":[{"id":2005,"href":"https:\/\/www.idiomas-eugeniasgenius.com\/es_es\/wp-json\/wp\/v2\/pages\/1992\/revisions\/2005"}],"wp:attachment":[{"href":"https:\/\/www.idiomas-eugeniasgenius.com\/es_es\/wp-json\/wp\/v2\/media?parent=1992"}],"curies":[{"name":"wp","href":"https:\/\/api.w.org\/{rel}","templated":true}]}}