{"id":3,"date":"2023-01-20T07:16:03","date_gmt":"2023-01-20T07:16:03","guid":{"rendered":"http:\/\/www.idiomas-eugeniasgenius.com\/?page_id=3"},"modified":"2023-07-19T08:08:27","modified_gmt":"2023-07-19T08:08:27","slug":"politica-privacidad","status":"publish","type":"page","link":"https:\/\/www.idiomas-eugeniasgenius.com\/es_es\/politica-privacidad\/","title":{"rendered":"Pol\u00edtica de privacidad"},"content":{"rendered":"\n<h4 class=\"wp-block-heading\">INFORMACI\u00d3N B\u00c1SICA SOBRE LA POL\u00cdTICA DE PRIVACIDAD<\/h4>\n\n\n\n<p><strong>Responsable: <\/strong>EUGENIA BATOVA.<br><strong>Finalidad: <\/strong>Prestar los servicios ofrecidos a trav\u00e9s de la web o atender otros tipos de relaciones que puedan surgir como consecuencia de las solicitudes, gestiones o tr\u00e1mites que el usuario realice a trav\u00e9s de \u00e9sta.<br><strong>Legitimaci\u00f3n: <\/strong>Consentimiento del interesado seg\u00fan lo dispuesto en el Reglamento (UE) 2016\/679 y la LOPDGDD 3\/2018.<br><strong>Destinatarios:<\/strong> Fichero interno automatizado propiedad del Responsable y de terceros para el desarrollo, mantenimiento y control de la relaci\u00f3n que se establezca cuando exista autorizaci\u00f3n legal por el usuario para hacerlo.<br><strong>Derechos: <\/strong>Acceso, Rectificaci\u00f3n, Supresi\u00f3n, Portabilidad, Limitaci\u00f3n, Oposici\u00f3n y Derecho al Olvido.<br><strong>Informaci\u00f3n Adicional: <\/strong>Puede obtener toda la Informaci\u00f3n adicional y detallada que precise sobre el tratamiento y protecci\u00f3n de sus datos personales en esta Pol\u00edtica de Privacidad o poni\u00e9ndose en contacto con el responsable de la Web a trav\u00e9s de la direcci\u00f3n de e-mail facilitada o por correo postal..<\/p>\n\n\n\n<h4 class=\"wp-block-heading\">RECOGIDA, TRATAMIENTO Y USO DE LOS DATOS PERSONALES EN LA WEB<\/h4>\n\n\n\n<p>En base a lo dispuesto en el Reglamento General de Protecci\u00f3n de Datos 2016\/679 (RGPD) y en la Ley Org\u00e1nica 3\/2018, de Protecci\u00f3n de Datos Personales y garant\u00eda de derechos digitales (LOPDGDD), le informamos que para hacer uso algunos de los servicios que les ofrece esta web, puede ser necesario que deba de suministrar determinados datos de car\u00e1cter personal que ser\u00e1n incorporados a ficheros automatizados.<\/p>\n\n\n\n<p>Cumpliendo con las nuevas disposiciones del Reglamento (UE) 2016\/679 del PE y del Consejo de 27 de Abril de 2016 y de la Ley Org\u00e1nica 3\/2018, de 5 de diciembre, de Protecci\u00f3n de Datos Personales y garant\u00eda de derechos digitales, relativas a la protecci\u00f3n de las personas f\u00edsicas en lo que respecta al tratamiento de datos personales y a la libre circulaci\u00f3n de estos datos y por el que se deroga la Directiva 95\/46\/CE, se le informa que el responsable del tratamiento de los datos es:<\/p>\n\n\n\n<p><strong>Nombre:<\/strong> EUGENIA BATOVA<br><strong>NIE: <\/strong>X-4891608-Z<br><strong>Domicilio: <\/strong>C\/ ESTRIBOR N\u00ba13, 04711- ALMERIMAR, EL EJIDO (ALMERIA)<br><strong>Tel\u00e9fono:<\/strong> 660092928<br><strong>Correo Electr\u00f3nico:<\/strong> eugeniasgenius@gmail.com<br><strong>Nombre del Dominio Web: <\/strong>idiomas-eugeniasgenius.com<\/p>\n\n\n\n<p>Para realizar cualquier tipo de observaci\u00f3n respecto a posibles incumplimientos de los derechos de propiedad intelectual o industrial, as\u00ed como sobre cualquiera de los contenidos del sitio web, puede hacerlo poni\u00e9ndose en contacto con el responsable del sitio web a trav\u00e9s de la direcci\u00f3n de correo electr\u00f3nico facilitada o por correo postal.<\/p>\n\n\n\n<p>Los contenidos del sitio web, tienen como finalidad informar a los usuarios, de los servicios ofrecidos por el responsable de la web como consecuencia de las solicitudes, gestiones o tr\u00e1mites que en adelante el usuario realice mediante este sitio web. Los datos objeto de tratamiento ser\u00e1n aquellos que nos facilite a trav\u00e9s del formulario\/s que en cada momento contenga la p\u00e1gina o a trav\u00e9s de los correos electr\u00f3nicos que el usuario dirija a la direcci\u00f3n\/es de correo electr\u00f3nico identificadas en la misma, as\u00ed como aquellos otros que se generen durante el mantenimiento de la relaci\u00f3n correspondiente.<\/p>\n\n\n\n<p>Todos los campos que puedan aparecer se\u00f1alados como obligatorios en el formulario deber\u00e1n ser cumplimentados necesariamente, de tal modo que la omisi\u00f3n de alguno de ellos podr\u00e1 comportar la imposibilidad de que se pueda atender su solicitud o prestarle los servicios correspondientes.<\/p>\n\n\n\n<p>Adicionalmente, durante dicha recogida de datos, es posible que se solicite su consentimiento para otra serie de finalidades que no guardan una relaci\u00f3n directa con el servicio o la relaci\u00f3n correspondiente. En el caso de que no est\u00e9 de acuerdo con dichos tratamientos adicionales, p\u00f3ngase en contacto con el responsable del sitio web a trav\u00e9s del correo electr\u00f3nico facilitado.<\/p>\n\n\n\n<p>Solicitantes de informaci\u00f3n: Los datos personales utilizados en estos casos, proceden del propio interesado, el cual los proporciona al responsable de la web al completar el formulario de contacto contenido en el sitio web, al efectuar una llamada telef\u00f3nica, o al enviar un correo electr\u00f3nico. Estos datos se utilizan con la finalidad de resolver las consultas y proporcionar informaci\u00f3n a aquellos que lo demanden o lo autoricen expresamente, principalmente por medio del correo electr\u00f3nico.<\/p>\n\n\n\n<p>La persona que acceda a este sitio web, asegura que tiene la edad m\u00ednima legal (14 a\u00f1os) establecida por el Reglamento General de Protecci\u00f3n de Datos 2016\/679 y Ley Org\u00e1nica 3\/2018, de Protecci\u00f3n de Datos Personales y garant\u00eda de derechos digitales (LOPDGDD), o por la normativa nacional que le sea de aplicaci\u00f3n para otorgar el consentimiento en relaci\u00f3n con los Servicios de la Sociedad de la Informaci\u00f3n.<\/p>\n\n\n\n<p>Mediante el acceso a este sitio web, el usuario acepta expresamente todas las cl\u00e1usulas de su informaci\u00f3n legal, de esta pol\u00edtica de privacidad y de su pol\u00edtica de cookies, as\u00ed como de todas aquellas condiciones particulares recogidas para la utilizaci\u00f3n de determinados servicios. En caso de no aceptar alguna de las citadas cl\u00e1usulas, el usuario deber\u00e1 abstenerse de acceder a este sitio web.<\/p>\n\n\n\n<p>Al acceder el usuario a las posibles cuentas del responsable del sitio web en redes sociales, acepta el tratamiento de sus datos personales por parte de las mismas seg\u00fan sus pol\u00edticas de privacidad.<\/p>\n\n\n\n<h4 class=\"wp-block-heading\">FINALIDAD DEL TRATAMIENTO DE LOS DATOS PERSONALES<\/h4>\n\n\n\n<p>EUGENIA BATOVA, tratar\u00e1 sus datos personales recabados a trav\u00e9s del sitio web con las siguientes finalidades:<\/p>\n\n\n\n<ul class=\"wp-block-list\">\n<li>Env\u00edo de informaci\u00f3n solicitada a trav\u00e9s del formulario de contacto dispuesto en el sitio web para la finalidad de solicitar cualquier tipo de consulta o solicitud, relacionadas con los servicios que presta el responsable del sitio web (por el inter\u00e9s leg\u00edtimo del responsable, art. 6.1.f GDPR).<\/li>\n\n\n\n<li>Inscripci\u00f3n en los diferentes cursos, actividades, clases on-line, etc, que realiza el responsable del sitio web a trav\u00e9s del formulario dispuesto para tal efecto.<\/li>\n\n\n\n<li>Analizar el perfil del usuario con el motivo de optimizar, medir y personalizar el uso del sitio web.<\/li>\n\n\n\n<li>Remitir informaci\u00f3n de su inter\u00e9s, as\u00ed como comunicaciones comerciales del responsable del sitio web, newsletter, novedades, etc, (por el consentimiento del interesado, 6.1.a GDPR).<\/li>\n\n\n\n<li>Asimismo, le recordamos que puede oponerse al env\u00edo de comunicaciones comerciales por cualquier v\u00eda y en cualquier momento, dirigi\u00e9ndose al responsable del sitio web por correo postal o por correo electr\u00f3nico.<\/li>\n<\/ul>\n\n\n\n<h4 class=\"wp-block-heading\">LEGITIMACI\u00d3N<\/h4>\n\n\n\n<p>El tratamiento de sus datos se realiza con las correspondientes bases jur\u00eddicas que legitiman el mismo tales como el consentimiento libre, espec\u00edfico, informado e inequ\u00edvoco, en tanto que le informamos poniendo a su disposici\u00f3n la presente pol\u00edtica de privacidad.<\/p>\n\n\n\n<p>En caso de que no nos facilite sus datos o lo haga de forma err\u00f3nea o incompleta, no podremos atender su solicitud, resultando del todo imposible proporcionarle la informaci\u00f3n solicitada o llevar a cabo la contrataci\u00f3n de los servicios.<\/p>\n\n\n\n<h4 class=\"wp-block-heading\">GARANT\u00cdA<\/h4>\n\n\n\n<p>El Usuario garantiza que los datos aportados son verdaderos, exactos, completos y actualizados, siendo responsable de cualquier da\u00f1o o perjuicio, directo o indirecto, que pudiera ocasionarse como consecuencia del incumplimiento de tal obligaci\u00f3n. En el caso de que los datos aportados pertenecieran a un tercero, el usuario garantiza que ha informado a dicho tercero y obtenido su autorizaci\u00f3n para facilitar sus datos personales al responsable del sitio web.<\/p>\n\n\n\n<h4 class=\"wp-block-heading\">CONSERVACI\u00d3N DE DATOS<\/h4>\n\n\n\n<p>Se conservar\u00e1n durante no m\u00e1s tiempo del necesario para mantener el fin del tratamiento o existan prescripciones legales que dictaminen su custodia y cuando ya no sea necesario para ello, se suprimir\u00e1n con medidas de seguridad adecuadas para garantizar la anonimizaci\u00f3n de los datos o la destrucci\u00f3n total de los mismos<\/p>\n\n\n\n<h4 class=\"wp-block-heading\">DESTINATARIOS<\/h4>\n\n\n\n<p>Sus datos ser\u00e1n conservados bajo estrictas medidas de seguridad que garanticen la confidencialidad y la seguridad de los mismos.<br>No est\u00e1 prevista ninguna comunicaci\u00f3n de datos personales a terceros salvo, si fuese necesario para el desarrollo y ejecuci\u00f3n de las finalidades del tratamiento, a nuestros proveedores de servicios relacionados con comunicaciones, con los cuales el RESPONSABLE tiene suscritos los contratos de confidencialidad y de encargado de tratamiento exigidos por la normativa vigente de privacidad.<\/p>\n\n\n\n<h4 class=\"wp-block-heading\">DERECHOS<\/h4>\n\n\n\n<p>Como interesado que nos ha proporcionado sus datos personales, tiene pleno derecho para ejercitar los siguientes derechos que la normativa en materia de protecci\u00f3n de datos le reconoce, conforme a lo previsto en la misma:<\/p>\n\n\n\n<ul class=\"wp-block-list\">\n<li>Derecho de ACCESO a sus datos personales.<\/li>\n\n\n\n<li>Derechos de solicitar la RECTIFICACI\u00d3N de los datos inexactos.<\/li>\n\n\n\n<li>Derecho de solicitar su SUPRESI\u00d3N cuando, entre otros motivos, los datos ya no sean necesarios para los fines que fueron recogidos.<\/li>\n\n\n\n<li>En determinadas circunstancias, podr\u00e1 solicitar la LIMITACI\u00d3N DEL TRATAMIENTO de sus datos, en cuyo caso \u00fanicamente los conservaremos para el ejercicio o la defensa de reclamaciones.<\/li>\n\n\n\n<li>En determinadas circunstancias y por motivos relacionados con su situaci\u00f3n particular, los interesados podr\u00e1n ejercitar su derecho de OPOSICI\u00d3N al tratamiento de sus datos. Dejaremos de tratar los datos, salvo por motivos leg\u00edtimos imperiosos, o el ejercicio o la defensa de posibles reclamaciones.<\/li>\n\n\n\n<li>En determinadas circunstancias y por motivos relacionados con tu situaci\u00f3n particular, podr\u00e1 solicitar su derecho a la PORTABILIDAD de los datos.<\/li>\n<\/ul>\n\n\n\n<p>Podr\u00e1 ejercer tales derechos o solicitar informaci\u00f3n adicional presentando copia de un documento identificativo y exponiendo su caso y el derecho que quiere ejercer, mediante carta postal dirigida al responsable del sitio web o a trav\u00e9s de la direcci\u00f3n de correo electr\u00f3nico facilitada.<\/p>\n\n\n\n<p>Adem\u00e1s, en caso de que se haya vulnerado cualquiera de sus derechos, el interesado tiene derecho a presentar una reclamaci\u00f3n ante la Agencia Espa\u00f1ola de Protecci\u00f3n de Datos (AEPD), en C\/ Jorge Juan, 6, 28001-Madrid o a trav\u00e9s de la sede electr\u00f3nica de la AEPD: https:\/\/sedeagpd.gob.es\/sede-electronica-web\/.<\/p>\n\n\n\n<h4 class=\"wp-block-heading\">DURACI\u00d3N Y MODIFICACI\u00d3N DE LA POL\u00cdTICA DE PRIVACIDAD<\/h4>\n\n\n\n<p>El responsable del sitio web, se reserva el derecho a modificar, total o parcialmente, la presente Pol\u00edtica de Privacidad, publicando los cambios en el sitio web. Asimismo, podr\u00e1 efectuar sin previo aviso las modificaciones que considere oportunas, pudiendo cambiar, suprimir o a\u00f1adir tanto los contenidos y servicios que presta, como la forma en la que \u00e9stos aparezcan presentados o localizados. En consecuencia, se entender\u00e1n como vigentes, las condiciones generales\/pol\u00edticas que est\u00e9n publicadas en el momento en el que el Usuario acceda deber\u00e1 leerlas peri\u00f3dicamente.<\/p>\n\n\n\n<p>Con independencia de lo dispuesto, el responsable de la web podr\u00e1 dar por terminado, suspender o interrumpir, en cualquier momento sin necesidad de preaviso, el acceso a los contenidos del sitio web, sin posibilidad por parte del Usuario de exigir indemnizaci\u00f3n alguna.<\/p>\n\n\n<!-- wp:themify-builder\/canvas \/-->","protected":false},"excerpt":{"rendered":"<p>INFORMACI\u00d3N B\u00c1SICA SOBRE LA POL\u00cdTICA DE PRIVACIDAD Responsable: EUGENIA BATOVA.Finalidad: Prestar los servicios ofrecidos a trav\u00e9s de la web o atender otros tipos de relaciones que puedan surgir como consecuencia de las solicitudes, gestiones o tr\u00e1mites que el usuario realice a trav\u00e9s de \u00e9sta.Legitimaci\u00f3n: Consentimiento del interesado seg\u00fan lo dispuesto en el Reglamento (UE) 2016\/679 [&hellip;]<\/p>\n","protected":false},"author":1,"featured_media":0,"parent":0,"menu_order":0,"comment_status":"closed","ping_status":"closed","template":"","meta":{"footnotes":""},"class_list":["post-3","page","type-page","status-publish","hentry","has-post-title","has-post-date","has-post-category","has-post-tag","has-post-comment","has-post-author",""],"yoast_head":"<!-- This site is optimized with the Yoast SEO plugin v27.4 - https:\/\/yoast.com\/product\/yoast-seo-wordpress\/ -->\n<title>Pol\u00edtica de privacidad - Escuela de Idiomas en El Ejido<\/title>\n<meta name=\"robots\" content=\"index, follow, max-snippet:-1, max-image-preview:large, max-video-preview:-1\" \/>\n<link rel=\"canonical\" href=\"https:\/\/www.idiomas-eugeniasgenius.com\/es_es\/politica-privacidad\/\" \/>\n<meta property=\"og:locale\" content=\"es_ES\" \/>\n<meta property=\"og:type\" content=\"article\" \/>\n<meta property=\"og:title\" content=\"Pol\u00edtica de privacidad - Escuela de Idiomas en El Ejido\" \/>\n<meta property=\"og:description\" content=\"INFORMACI\u00d3N B\u00c1SICA SOBRE LA POL\u00cdTICA DE PRIVACIDAD Responsable: EUGENIA BATOVA.Finalidad: Prestar los servicios ofrecidos a trav\u00e9s de la web o atender otros tipos de relaciones que puedan surgir como consecuencia de las solicitudes, gestiones o tr\u00e1mites que el usuario realice a trav\u00e9s de \u00e9sta.Legitimaci\u00f3n: Consentimiento del interesado seg\u00fan lo dispuesto en el Reglamento (UE) 2016\/679 [&hellip;]\" \/>\n<meta property=\"og:url\" content=\"https:\/\/www.idiomas-eugeniasgenius.com\/es_es\/politica-privacidad\/\" \/>\n<meta property=\"og:site_name\" content=\"Escuela de Idiomas en El Ejido\" \/>\n<meta property=\"article:publisher\" content=\"https:\/\/www.youtube.com\/@adminEugenius\" \/>\n<meta property=\"article:modified_time\" content=\"2023-07-19T08:08:27+00:00\" \/>\n<meta name=\"twitter:card\" content=\"summary_large_image\" \/>\n<meta name=\"twitter:label1\" content=\"Tiempo de lectura\" \/>\n\t<meta name=\"twitter:data1\" content=\"8 minutos\" \/>\n<script type=\"application\/ld+json\" class=\"yoast-schema-graph\">{\"@context\":\"https:\\\/\\\/schema.org\",\"@graph\":[{\"@type\":\"WebPage\",\"@id\":\"https:\\\/\\\/www.idiomas-eugeniasgenius.com\\\/politica-privacidad\\\/\",\"url\":\"https:\\\/\\\/www.idiomas-eugeniasgenius.com\\\/politica-privacidad\\\/\",\"name\":\"Pol\u00edtica de privacidad - Escuela de Idiomas en El Ejido\",\"isPartOf\":{\"@id\":\"https:\\\/\\\/www.idiomas-eugeniasgenius.com\\\/#website\"},\"datePublished\":\"2023-01-20T07:16:03+00:00\",\"dateModified\":\"2023-07-19T08:08:27+00:00\",\"breadcrumb\":{\"@id\":\"https:\\\/\\\/www.idiomas-eugeniasgenius.com\\\/politica-privacidad\\\/#breadcrumb\"},\"inLanguage\":\"es\",\"potentialAction\":[{\"@type\":\"ReadAction\",\"target\":[\"https:\\\/\\\/www.idiomas-eugeniasgenius.com\\\/politica-privacidad\\\/\"]}]},{\"@type\":\"BreadcrumbList\",\"@id\":\"https:\\\/\\\/www.idiomas-eugeniasgenius.com\\\/politica-privacidad\\\/#breadcrumb\",\"itemListElement\":[{\"@type\":\"ListItem\",\"position\":1,\"name\":\"Portada\",\"item\":\"https:\\\/\\\/www.idiomas-eugeniasgenius.com\\\/es_es\\\/\"},{\"@type\":\"ListItem\",\"position\":2,\"name\":\"Pol\u00edtica de privacidad\"}]},{\"@type\":\"WebSite\",\"@id\":\"https:\\\/\\\/www.idiomas-eugeniasgenius.com\\\/#website\",\"url\":\"https:\\\/\\\/www.idiomas-eugeniasgenius.com\\\/\",\"name\":\"Escuela de Idiomas en El Ejido\",\"description\":\"Escuela de idiomas en El Ejido\",\"alternateName\":\"Eugenias Genius\",\"potentialAction\":[{\"@type\":\"SearchAction\",\"target\":{\"@type\":\"EntryPoint\",\"urlTemplate\":\"https:\\\/\\\/www.idiomas-eugeniasgenius.com\\\/?s={search_term_string}\"},\"query-input\":{\"@type\":\"PropertyValueSpecification\",\"valueRequired\":true,\"valueName\":\"search_term_string\"}}],\"inLanguage\":\"es\"}]}<\/script>\n<!-- \/ Yoast SEO plugin. -->","yoast_head_json":{"title":"Pol\u00edtica de privacidad - Escuela de Idiomas en El Ejido","robots":{"index":"index","follow":"follow","max-snippet":"max-snippet:-1","max-image-preview":"max-image-preview:large","max-video-preview":"max-video-preview:-1"},"canonical":"https:\/\/www.idiomas-eugeniasgenius.com\/es_es\/politica-privacidad\/","og_locale":"es_ES","og_type":"article","og_title":"Pol\u00edtica de privacidad - Escuela de Idiomas en El Ejido","og_description":"INFORMACI\u00d3N B\u00c1SICA SOBRE LA POL\u00cdTICA DE PRIVACIDAD Responsable: EUGENIA BATOVA.Finalidad: Prestar los servicios ofrecidos a trav\u00e9s de la web o atender otros tipos de relaciones que puedan surgir como consecuencia de las solicitudes, gestiones o tr\u00e1mites que el usuario realice a trav\u00e9s de \u00e9sta.Legitimaci\u00f3n: Consentimiento del interesado seg\u00fan lo dispuesto en el Reglamento (UE) 2016\/679 [&hellip;]","og_url":"https:\/\/www.idiomas-eugeniasgenius.com\/es_es\/politica-privacidad\/","og_site_name":"Escuela de Idiomas en El Ejido","article_publisher":"https:\/\/www.youtube.com\/@adminEugenius","article_modified_time":"2023-07-19T08:08:27+00:00","twitter_card":"summary_large_image","twitter_misc":{"Tiempo de lectura":"8 minutos"},"schema":{"@context":"https:\/\/schema.org","@graph":[{"@type":"WebPage","@id":"https:\/\/www.idiomas-eugeniasgenius.com\/politica-privacidad\/","url":"https:\/\/www.idiomas-eugeniasgenius.com\/politica-privacidad\/","name":"Pol\u00edtica de privacidad - Escuela de Idiomas en El Ejido","isPartOf":{"@id":"https:\/\/www.idiomas-eugeniasgenius.com\/#website"},"datePublished":"2023-01-20T07:16:03+00:00","dateModified":"2023-07-19T08:08:27+00:00","breadcrumb":{"@id":"https:\/\/www.idiomas-eugeniasgenius.com\/politica-privacidad\/#breadcrumb"},"inLanguage":"es","potentialAction":[{"@type":"ReadAction","target":["https:\/\/www.idiomas-eugeniasgenius.com\/politica-privacidad\/"]}]},{"@type":"BreadcrumbList","@id":"https:\/\/www.idiomas-eugeniasgenius.com\/politica-privacidad\/#breadcrumb","itemListElement":[{"@type":"ListItem","position":1,"name":"Portada","item":"https:\/\/www.idiomas-eugeniasgenius.com\/es_es\/"},{"@type":"ListItem","position":2,"name":"Pol\u00edtica de privacidad"}]},{"@type":"WebSite","@id":"https:\/\/www.idiomas-eugeniasgenius.com\/#website","url":"https:\/\/www.idiomas-eugeniasgenius.com\/","name":"Escuela de Idiomas en El Ejido","description":"Escuela de idiomas en El Ejido","alternateName":"Eugenias Genius","potentialAction":[{"@type":"SearchAction","target":{"@type":"EntryPoint","urlTemplate":"https:\/\/www.idiomas-eugeniasgenius.com\/?s={search_term_string}"},"query-input":{"@type":"PropertyValueSpecification","valueRequired":true,"valueName":"search_term_string"}}],"inLanguage":"es"}]}},"builder_content":"","_links":{"self":[{"href":"https:\/\/www.idiomas-eugeniasgenius.com\/es_es\/wp-json\/wp\/v2\/pages\/3","targetHints":{"allow":["GET"]}}],"collection":[{"href":"https:\/\/www.idiomas-eugeniasgenius.com\/es_es\/wp-json\/wp\/v2\/pages"}],"about":[{"href":"https:\/\/www.idiomas-eugeniasgenius.com\/es_es\/wp-json\/wp\/v2\/types\/page"}],"author":[{"embeddable":true,"href":"https:\/\/www.idiomas-eugeniasgenius.com\/es_es\/wp-json\/wp\/v2\/users\/1"}],"replies":[{"embeddable":true,"href":"https:\/\/www.idiomas-eugeniasgenius.com\/es_es\/wp-json\/wp\/v2\/comments?post=3"}],"version-history":[{"count":1,"href":"https:\/\/www.idiomas-eugeniasgenius.com\/es_es\/wp-json\/wp\/v2\/pages\/3\/revisions"}],"predecessor-version":[{"id":2018,"href":"https:\/\/www.idiomas-eugeniasgenius.com\/es_es\/wp-json\/wp\/v2\/pages\/3\/revisions\/2018"}],"wp:attachment":[{"href":"https:\/\/www.idiomas-eugeniasgenius.com\/es_es\/wp-json\/wp\/v2\/media?parent=3"}],"curies":[{"name":"wp","href":"https:\/\/api.w.org\/{rel}","templated":true}]}}